{"id":30203,"date":"2018-07-11T00:19:35","date_gmt":"2018-07-10T22:19:35","guid":{"rendered":"http:\/\/atelier-skald.com\/?page_id=30203"},"modified":"2018-08-24T01:43:14","modified_gmt":"2018-08-23T23:43:14","slug":"conference-la-lyre-dans-lespace-et-le-temps","status":"publish","type":"page","link":"https:\/\/atelier-skald.com\/en\/prestations\/conference-la-lyre-dans-lespace-et-le-temps\/","title":{"rendered":"Conf\u00e9rence: la Lyre dans l&rsquo;espace et le temps"},"content":{"rendered":"<p>[et_pb_section bb_built=\u00a0\u00bb1&Prime; admin_label=\u00a0\u00bbHeader\u00a0\u00bb fullwidth=\u00a0\u00bbon\u00a0\u00bb _builder_version=\u00a0\u00bb3.6&Prime; background_color=\u00a0\u00bb#b7b9c7&Prime; custom_padding=\u00a0\u00bb0px|0|0|0px|false|false\u00a0\u00bb next_background_color=\u00a0\u00bb#ffffff\u00a0\u00bb][et_pb_fullwidth_header admin_label=\u00a0\u00bbConf\u00e9rence: la Lyre dans l&rsquo;espace et le temps\u00a0\u00bb text_orientation=\u00a0\u00bbcenter\u00a0\u00bb background_overlay_color=\u00a0\u00bbrgba(23,21,8,0.2)\u00a0\u00bb content_max_width=\u00a0\u00bb90%\u00a0\u00bb _builder_version=\u00a0\u00bb3.12.2&Prime; title_text_align=\u00a0\u00bbcenter\u00a0\u00bb title_font_size_last_edited=\u00a0\u00bbon|desktop\u00a0\u00bb title_line_height=\u00a0\u00bb1.1em\u00a0\u00bb content_font=\u00a0\u00bb|700|||||||\u00a0\u00bb content_text_align=\u00a0\u00bbleft\u00a0\u00bb content_font_size=\u00a0\u00bb32px\u00a0\u00bb subhead_text_align=\u00a0\u00bbcenter\u00a0\u00bb subhead_font_size=\u00a0\u00bb30px\u00a0\u00bb subhead_font_size_phone=\u00a0\u00bb20px\u00a0\u00bb subhead_font_size_last_edited=\u00a0\u00bbon|desktop\u00a0\u00bb subhead_line_height=\u00a0\u00bb2em\u00a0\u00bb subhead_line_height_phone=\u00a0\u00bb1.5em\u00a0\u00bb subhead_line_height_last_edited=\u00a0\u00bbon|phone\u00a0\u00bb background_color=\u00a0\u00bbrgba(255,255,255,0)\u00a0\u00bb background_image=\u00a0\u00bbhttps:\/\/atelier-skald.com\/wp-content\/uploads\/2018\/08\/IMG_3624-e1534933331942.jpg\u00a0\u00bb background_position=\u00a0\u00bbbottom_center\u00a0\u00bb custom_margin=\u00a0\u00bb|||\u00a0\u00bb custom_padding=\u00a0\u00bb100px||100px|\u00a0\u00bb custom_padding_last_edited=\u00a0\u00bboff|desktop\u00a0\u00bb animation_style=\u00a0\u00bbfade\u00a0\u00bb animation_direction=\u00a0\u00bbtop\u00a0\u00bb]<\/p>\n<p>&nbsp;<\/p>\n<p>[\/et_pb_fullwidth_header][\/et_pb_section][et_pb_section bb_built=\u00a0\u00bb1&Prime; _builder_version=\u00a0\u00bb3.12.2&Prime; custom_padding=\u00a0\u00bb0|0px|0|0px|false|false\u00a0\u00bb prev_background_color=\u00a0\u00bb#b7b9c7&Prime; next_background_color=\u00a0\u00bb#000000&Prime;][et_pb_row custom_padding=\u00a0\u00bb24px|0px|0|0px|false|false\u00a0\u00bb _builder_version=\u00a0\u00bb3.0.48&Prime; background_size=\u00a0\u00bbinitial\u00a0\u00bb background_position=\u00a0\u00bbtop_left\u00a0\u00bb background_repeat=\u00a0\u00bbrepeat\u00a0\u00bb][et_pb_column type=\u00a0\u00bb4_4&Prime;][et_pb_text _builder_version=\u00a0\u00bb3.9&Prime;]<\/p>\n<p>&nbsp;<\/p>\n<h2 style=\"text-align: center;\">Conf\u00e9rences<\/h2>\n<p>&nbsp;<\/p>\n<p>[\/et_pb_text][\/et_pb_column][\/et_pb_row][\/et_pb_section][et_pb_section bb_built=\u00a0\u00bb1&Prime; _builder_version=\u00a0\u00bb3.12.2&Prime; custom_margin=\u00a0\u00bb30px||30px|\u00a0\u00bb custom_padding=\u00a0\u00bb0px||0px|\u00a0\u00bb prev_background_color=\u00a0\u00bb#000000&Prime; next_background_color=\u00a0\u00bb#000000&Prime;][et_pb_row use_custom_gutter=\u00a0\u00bbon\u00a0\u00bb gutter_width=\u00a0\u00bb1&Prime; custom_padding=\u00a0\u00bb0px||0px|\u00a0\u00bb custom_margin=\u00a0\u00bb||81px|\u00a0\u00bb make_equal=\u00a0\u00bbon\u00a0\u00bb module_class_2=\u00a0\u00bbvertical-align\u00a0\u00bb _builder_version=\u00a0\u00bb3.12.2&Prime; box_shadow_style=\u00a0\u00bbpreset1&Prime; module_alignment=\u00a0\u00bbcenter\u00a0\u00bb][et_pb_column type=\u00a0\u00bb2_3&Prime;][et_pb_image src=\u00a0\u00bbhttps:\/\/atelier-skald.com\/wp-content\/uploads\/2018\/08\/Atelier-Skald-cr\u00e9dits-photos-Nicolas-Breton-e1534857758832.jpg\u00a0\u00bb show_bottom_space=\u00a0\u00bboff\u00a0\u00bb align=\u00a0\u00bbcenter\u00a0\u00bb _builder_version=\u00a0\u00bb3.12.2&Prime;]<\/p>\n<p>&nbsp;<\/p>\n<p>[\/et_pb_image][\/et_pb_column][et_pb_column type=\u00a0\u00bb1_3&Prime;][et_pb_text _builder_version=\u00a0\u00bb3.12.2&Prime; text_line_height=\u00a0\u00bb1.3em\u00a0\u00bb custom_padding=\u00a0\u00bb45px|35px|45px|35px\u00a0\u00bb]<\/p>\n<h2 style=\"text-align: left;\"><strong>la Lyre dans l&rsquo;espace et le temps<\/strong><\/h2>\n<p style=\"text-align: left;\"><strong>-Dur\u00e9e 1h environ-<\/strong><\/p>\n<p>D\u00e9couvrez notre vid\u00e9o conf\u00e9rence musicale et embarquez au c\u0153ur m\u00eame de l\u2019histoire de la musique en suivant le chemin de la lyre depuis ses origines \u00e0 nos jours.<\/p>\n<p>Fruit de plusieurs ann\u00e9es de recherches, cette conf\u00e9rence permettra au public d\u2019assister \u00e0 la d\u00e9monstration d\u2019une dizaine d\u2019instruments fid\u00e8lement reconstituer et de renouer ainsi,\u00a0 avec des sons perdus depuis la nuit des temps.<\/p>\n<p>D\u00e9clinable en deux format, cette conf\u00e9rence est adaptable en fonction du public, avec formule all\u00e9g\u00e9e durant laquelle nous survolons sujet en approfondissant \u00e0 la demande; ou dans un format plus approfondi.<\/p>\n<p>[\/et_pb_text][\/et_pb_column][\/et_pb_row][\/et_pb_section][et_pb_section bb_built=\u00a0\u00bb1&Prime; _builder_version=\u00a0\u00bb3.12.2&Prime; custom_margin=\u00a0\u00bb30px||30px|\u00a0\u00bb custom_padding=\u00a0\u00bb0px||0px|\u00a0\u00bb prev_background_color=\u00a0\u00bb#000000&Prime; next_background_color=\u00a0\u00bb#000000&Prime;][et_pb_row use_custom_gutter=\u00a0\u00bbon\u00a0\u00bb gutter_width=\u00a0\u00bb1&Prime; custom_padding=\u00a0\u00bb|||\u00a0\u00bb custom_margin=\u00a0\u00bb-32px||39px|\u00a0\u00bb make_equal=\u00a0\u00bbon\u00a0\u00bb padding_top_1=\u00a0\u00bb0px\u00a0\u00bb padding_top_2=\u00a0\u00bb0px\u00a0\u00bb module_class_1=\u00a0\u00bbvertical-align\u00a0\u00bb _builder_version=\u00a0\u00bb3.12.2&Prime; box_shadow_style=\u00a0\u00bbpreset1&Prime; module_alignment=\u00a0\u00bbcenter\u00a0\u00bb][et_pb_column type=\u00a0\u00bb1_3&Prime;][et_pb_text _builder_version=\u00a0\u00bb3.12.2&Prime; text_line_height=\u00a0\u00bb1.3em\u00a0\u00bb custom_margin=\u00a0\u00bb-31px|||\u00a0\u00bb custom_padding=\u00a0\u00bb35px|35px|35px|35px\u00a0\u00bb header_text_align=\u00a0\u00bbleft\u00a0\u00bb]<\/p>\n<h2 style=\"text-align: left;\"><strong>le psalt\u00e9rion en \u00e9cu<br \/>\n<\/strong><\/h2>\n<p style=\"text-align: left;\"><strong>-Dur\u00e9e 1h environ-<\/strong><\/p>\n<p>Cette conf\u00e9rence retrace une passionnante aventure humaine et scientifique qui mena \u00e0 la d\u00e9couverte d\u2019un instrument inconnu jusqu\u2019\u00e0 lors.<\/p>\n<p>Tout commence dans les ann\u00e9es 80 avec un premier relev\u00e9 de la statuaire du ch\u00e2teau de Puivert. Parmi les nombreuses de repr\u00e9sentations instrumentales se trouve un \u00e9trange psalt\u00e9rion dont la forme encore in\u00e9dite inspira les chercheurs \u00e0 le rel\u00e9guer au rang de figuration symbolique ou de basse facture.<\/p>\n<p>Pr\u00e8s de 30 ans plus tard et fort de technologie de pointe et de base de donn\u00e9es num\u00e9rique inexistante au moment du premier relev\u00e9, les Luthiers de l\u2019Atelier Skald r\u00e9alisent une \u00e9tude qui allait changer les choses.<\/p>\n<p>Marchez dans les pas de ces deux arch\u00e9o-luthiers au fil de ces trois ann\u00e9es de recherches visant \u00e0 percer ce myst\u00e8re, gard\u00e9 depuis 800ans dans la pierre.<\/p>\n<p>[\/et_pb_text][\/et_pb_column][et_pb_column type=\u00a0\u00bb2_3&Prime;][et_pb_image src=\u00a0\u00bbhttps:\/\/atelier-skald.com\/wp-content\/uploads\/2018\/08\/fdoeb14u.jpg\u00a0\u00bb show_bottom_space=\u00a0\u00bboff\u00a0\u00bb align=\u00a0\u00bbcenter\u00a0\u00bb _builder_version=\u00a0\u00bb3.12.2&Prime; custom_margin=\u00a0\u00bb-25px|||\u00a0\u00bb]<\/p>\n<p>&nbsp;<\/p>\n<p>[\/et_pb_image][\/et_pb_column][\/et_pb_row][\/et_pb_section][et_pb_section bb_built=\u00a0\u00bb1&Prime; _builder_version=\u00a0\u00bb3.12.2&Prime; custom_margin=\u00a0\u00bb51px|||\u00a0\u00bb custom_padding=\u00a0\u00bb0|0px|0|0px|false|false\u00a0\u00bb prev_background_color=\u00a0\u00bb#000000&Prime; next_background_color=\u00a0\u00bb#000000&Prime;][et_pb_row use_custom_gutter=\u00a0\u00bbon\u00a0\u00bb gutter_width=\u00a0\u00bb1&Prime; custom_padding=\u00a0\u00bb0px||0px|\u00a0\u00bb custom_margin=\u00a0\u00bb1px||52px|\u00a0\u00bb make_equal=\u00a0\u00bbon\u00a0\u00bb module_class_2=\u00a0\u00bbvertical-align\u00a0\u00bb _builder_version=\u00a0\u00bb3.12.2&Prime; box_shadow_style=\u00a0\u00bbpreset1&Prime; module_alignment=\u00a0\u00bbcenter\u00a0\u00bb][et_pb_column type=\u00a0\u00bb2_3&Prime;][et_pb_image src=\u00a0\u00bbhttps:\/\/atelier-skald.com\/wp-content\/uploads\/2018\/08\/rtkepjrb.jpg\u00a0\u00bb show_bottom_space=\u00a0\u00bboff\u00a0\u00bb align=\u00a0\u00bbcenter\u00a0\u00bb _builder_version=\u00a0\u00bb3.12.2&Prime; custom_margin=\u00a0\u00bb|||\u00a0\u00bb custom_padding=\u00a0\u00bb|||\u00a0\u00bb]<\/p>\n<p>&nbsp;<\/p>\n<p>[\/et_pb_image][\/et_pb_column][et_pb_column type=\u00a0\u00bb1_3&Prime;][et_pb_text _builder_version=\u00a0\u00bb3.12.2&Prime; text_line_height=\u00a0\u00bb1.3em\u00a0\u00bb custom_padding=\u00a0\u00bb45px|35px|45px|35px\u00a0\u00bb max_width=\u00a0\u00bb90%\u00a0\u00bb module_alignment=\u00a0\u00bbcenter\u00a0\u00bb header_text_align=\u00a0\u00bbleft\u00a0\u00bb]<\/p>\n<h2 style=\"text-align: left;\"><strong>la Lyre gauloise<\/strong><\/h2>\n<p style=\"text-align: left;\"><strong>-Dur\u00e9e 1h environ-<\/strong><\/p>\n<p>Partez sur les traces du peuple Gaulois et de l\u2019un des plus anciens cordophone de France lors de cette conf\u00e9rence musicale o\u00f9 vous seront expos\u00e9 l\u2019\u00e9tat des recherches consacr\u00e9es \u00e0 l\u2019antique instrument des bardes.<\/p>\n<p>Profitez d\u2019une projection 3D comment\u00e9e de la st\u00e8le gauloise du Barde \u00e0 la Lyre ainsi que d&rsquo;une pr\u00e9sentation comparative des diff\u00e9rentes repr\u00e9sentations de cet instrument dans l\u2019art gaulois.<\/p>\n<p>Seront \u00e9galement pr\u00e9sent\u00e9s en d\u00e9monstration les diff\u00e9rents prototypes instrumentaux, fruits de l\u2019arch\u00e9ologie exp\u00e9rimentale.<\/p>\n<p>[\/et_pb_text][\/et_pb_column][\/et_pb_row][\/et_pb_section][et_pb_section bb_built=\u00a0\u00bb1&Prime; _builder_version=\u00a0\u00bb3.11.1&Prime; custom_padding=\u00a0\u00bb0|0px|0|0px|false|false\u00a0\u00bb prev_background_color=\u00a0\u00bb#000000&Prime; next_background_color=\u00a0\u00bb#000000&Prime;][\/et_pb_section][et_pb_section bb_built=\u00a0\u00bb1&Prime; _builder_version=\u00a0\u00bb3.11.1&Prime; custom_padding=\u00a0\u00bb0|0px|48px|0px|false|false\u00a0\u00bb prev_background_color=\u00a0\u00bb#000000&Prime;][et_pb_row custom_padding=\u00a0\u00bb0|0px|24px|0px|false|false\u00a0\u00bb _builder_version=\u00a0\u00bb3.11.1&Prime;][et_pb_column type=\u00a0\u00bb4_4&Prime;][et_pb_button admin_label=\u00a0\u00bbBouton retour presta\u00a0\u00bb button_url=\u00a0\u00bb\/prestations\u00a0\u00bb button_text=\u00a0\u00bbRetour aux prestations\u00a0\u00bb button_alignment=\u00a0\u00bbcenter\u00a0\u00bb module_class=\u00a0\u00bbbtn-custom btn-back btn-return\u00a0\u00bb _builder_version=\u00a0\u00bb3.12.2&Prime; custom_button=\u00a0\u00bbon\u00a0\u00bb button_text_size=\u00a0\u00bb14&Prime; button_border_width=\u00a0\u00bb1&Prime; button_use_icon=\u00a0\u00bboff\u00a0\u00bb button_bg_color_hover=\u00a0\u00bbrgba(0,0,0,0)\u00a0\u00bb custom_margin=\u00a0\u00bb3.5em|||\u00a0\u00bb custom_padding=\u00a0\u00bb0.5em|0.5em|0.5em|0.5em\u00a0\u00bb]<\/p>\n<p>&nbsp;<\/p>\n<p>[\/et_pb_button][\/et_pb_column][\/et_pb_row][\/et_pb_section]<\/p>\n","protected":false},"excerpt":{"rendered":"<p>[et_pb_section bb_built=\u00a0\u00bb1&Prime; admin_label=\u00a0\u00bbHeader\u00a0\u00bb fullwidth=\u00a0\u00bbon\u00a0\u00bb _builder_version=\u00a0\u00bb3.6&Prime; background_color=\u00a0\u00bb#b7b9c7&Prime; custom_padding=\u00a0\u00bb0px|0|0|0px|false|false\u00a0\u00bb next_background_color=\u00a0\u00bb#ffffff\u00a0\u00bb][et_pb_fullwidth_header admin_label=\u00a0\u00bbConf\u00e9rence: la Lyre dans l&rsquo;espace et le temps\u00a0\u00bb text_orientation=\u00a0\u00bbcenter\u00a0\u00bb background_overlay_color=\u00a0\u00bbrgba(23,21,8,0.2)\u00a0\u00bb content_max_width=\u00a0\u00bb90%\u00a0\u00bb _builder_version=\u00a0\u00bb3.12.2&Prime; title_text_align=\u00a0\u00bbcenter\u00a0\u00bb title_font_size_last_edited=\u00a0\u00bbon|desktop\u00a0\u00bb title_line_height=\u00a0\u00bb1.1em\u00a0\u00bb content_font=\u00a0\u00bb|700|||||||\u00a0\u00bb content_text_align=\u00a0\u00bbleft\u00a0\u00bb content_font_size=\u00a0\u00bb32px\u00a0\u00bb subhead_text_align=\u00a0\u00bbcenter\u00a0\u00bb subhead_font_size=\u00a0\u00bb30px\u00a0\u00bb subhead_font_size_phone=\u00a0\u00bb20px\u00a0\u00bb subhead_font_size_last_edited=\u00a0\u00bbon|desktop\u00a0\u00bb subhead_line_height=\u00a0\u00bb2em\u00a0\u00bb subhead_line_height_phone=\u00a0\u00bb1.5em\u00a0\u00bb subhead_line_height_last_edited=\u00a0\u00bbon|phone\u00a0\u00bb background_color=\u00a0\u00bbrgba(255,255,255,0)\u00a0\u00bb background_image=\u00a0\u00bbhttps:\/\/atelier-skald.com\/wp-content\/uploads\/2018\/08\/IMG_3624-e1534933331942.jpg\u00a0\u00bb background_position=\u00a0\u00bbbottom_center\u00a0\u00bb custom_margin=\u00a0\u00bb|||\u00a0\u00bb custom_padding=\u00a0\u00bb100px||100px|\u00a0\u00bb custom_padding_last_edited=\u00a0\u00bboff|desktop\u00a0\u00bb animation_style=\u00a0\u00bbfade\u00a0\u00bb animation_direction=\u00a0\u00bbtop\u00a0\u00bb] &nbsp; [\/et_pb_fullwidth_header][\/et_pb_section][et_pb_section bb_built=\u00a0\u00bb1&Prime; _builder_version=\u00a0\u00bb3.12.2&Prime; custom_padding=\u00a0\u00bb0|0px|0|0px|false|false\u00a0\u00bb prev_background_color=\u00a0\u00bb#b7b9c7&Prime; next_background_color=\u00a0\u00bb#000000&Prime;][et_pb_row custom_padding=\u00a0\u00bb24px|0px|0|0px|false|false\u00a0\u00bb _builder_version=\u00a0\u00bb3.0.48&Prime; background_size=\u00a0\u00bbinitial\u00a0\u00bb background_position=\u00a0\u00bbtop_left\u00a0\u00bb background_repeat=\u00a0\u00bbrepeat\u00a0\u00bb][et_pb_column type=\u00a0\u00bb4_4&Prime;][et_pb_text _builder_version=\u00a0\u00bb3.9&Prime;] [&hellip;]<\/p>\n","protected":false},"author":1,"featured_media":0,"parent":69,"menu_order":0,"comment_status":"closed","ping_status":"closed","template":"","meta":{"footnotes":""},"class_list":["post-30203","page","type-page","status-publish","hentry"],"_links":{"self":[{"href":"https:\/\/atelier-skald.com\/en\/wp-json\/wp\/v2\/pages\/30203","targetHints":{"allow":["GET"]}}],"collection":[{"href":"https:\/\/atelier-skald.com\/en\/wp-json\/wp\/v2\/pages"}],"about":[{"href":"https:\/\/atelier-skald.com\/en\/wp-json\/wp\/v2\/types\/page"}],"author":[{"embeddable":true,"href":"https:\/\/atelier-skald.com\/en\/wp-json\/wp\/v2\/users\/1"}],"replies":[{"embeddable":true,"href":"https:\/\/atelier-skald.com\/en\/wp-json\/wp\/v2\/comments?post=30203"}],"version-history":[{"count":52,"href":"https:\/\/atelier-skald.com\/en\/wp-json\/wp\/v2\/pages\/30203\/revisions"}],"predecessor-version":[{"id":31735,"href":"https:\/\/atelier-skald.com\/en\/wp-json\/wp\/v2\/pages\/30203\/revisions\/31735"}],"up":[{"embeddable":true,"href":"https:\/\/atelier-skald.com\/en\/wp-json\/wp\/v2\/pages\/69"}],"wp:attachment":[{"href":"https:\/\/atelier-skald.com\/en\/wp-json\/wp\/v2\/media?parent=30203"}],"curies":[{"name":"wp","href":"https:\/\/api.w.org\/{rel}","templated":true}]}}